{"id":7,"date":"2025-04-21T18:46:25","date_gmt":"2025-04-21T16:46:25","guid":{"rendered":"https:\/\/beta.stolarstvisigut.cz\/?page_id=7"},"modified":"2025-04-28T22:56:19","modified_gmt":"2025-04-28T20:56:19","slug":"uvod","status":"publish","type":"page","link":"https:\/\/www.stolarstvisigut.cz\/","title":{"rendered":"\u00favod"},"content":{"rendered":"<p>[et_pb_section fb_built=&#8220;1&#8243; fullwidth=&#8220;on&#8220; _builder_version=&#8220;4.27.4&#8243; _module_preset=&#8220;default&#8220; background_image=&#8220;https:\/\/www.stolarstvisigut.cz\/wp-content\/uploads\/2025\/04\/header.jpg&#8220; global_colors_info=&#8220;{}&#8220;][et_pb_fullwidth_header title=&#8220;Stola\u0159stv\u00ed Petr \u0160IGUT&#8220; subhead=&#8220;ZAK\u00c1ZKOV\u00c1 V\u00ddROBA N\u00c1BYTKU&#8220; text_orientation=&#8220;center&#8220; header_fullscreen=&#8220;on&#8220; button_one_text=&#8220;Jak fungujeme?&#8220; button_one_url=&#8220;#jakfungujeme&#8220; button_two_text=&#8220;+420 603 901 402&#8243; button_two_url=&#8220;tel: +420603901402&#8243; background_overlay_color=&#8220;rgba(0,0,0,0.13)&#8220; _builder_version=&#8220;4.27.4&#8243; _module_preset=&#8220;default&#8220; title_font=&#8220;Poppins||||||||&#8220; title_text_align=&#8220;center&#8220; title_font_size=&#8220;65px&#8220; content_font=&#8220;Poppins||||||||&#8220; content_font_size=&#8220;24px&#8220; content_line_height=&#8220;1.8em&#8220; subhead_font=&#8220;Poppins||||||||&#8220; subhead_font_size=&#8220;39px&#8220; subhead_line_height=&#8220;1.3em&#8220; background_enable_color=&#8220;off&#8220; background_image=&#8220;https:\/\/www.stolarstvisigut.cz\/wp-content\/uploads\/2025\/04\/header-sigut_1920.webp&#8220; custom_button_one=&#8220;on&#8220; button_one_bg_color=&#8220;#424242&#8243; custom_button_two=&#8220;on&#8220; button_two_bg_color=&#8220;#844666&#8243; title_font_size_tablet=&#8220;44px&#8220; title_font_size_phone=&#8220;37px&#8220; title_font_size_last_edited=&#8220;on|tablet&#8220; subhead_font_size_tablet=&#8220;31px&#8220; subhead_font_size_phone=&#8220;20px&#8220; subhead_font_size_last_edited=&#8220;on|phone&#8220; title_text_shadow_style=&#8220;preset2&#8243; global_colors_info=&#8220;{}&#8220;]<\/p>\n<p>OSTRAVICE 447<\/p>\n<p>[\/et_pb_fullwidth_header][\/et_pb_section][et_pb_section fb_built=&#8220;1&#8243; module_id=&#8220;kontakt&#8220; _builder_version=&#8220;4.27.4&#8243; _module_preset=&#8220;default&#8220; background_color=&#8220;rgba(229,229,229,0.33)&#8220; global_colors_info=&#8220;{}&#8220;][et_pb_row column_structure=&#8220;1_3,1_3,1_3&#8243; _builder_version=&#8220;4.27.4&#8243; _module_preset=&#8220;default&#8220; global_colors_info=&#8220;{}&#8220;][et_pb_column type=&#8220;1_3&#8243; _builder_version=&#8220;4.27.4&#8243; _module_preset=&#8220;default&#8220; global_colors_info=&#8220;{}&#8220;][et_pb_blurb title=&#8220;Kde n\u00e1s najdete?&#8220; use_icon=&#8220;on&#8220; font_icon=&#8220;&#xf2bb;||fa||400&#8243; icon_color=&#8220;rgba(0,0,0,0.66)&#8220; _builder_version=&#8220;4.27.4&#8243; _module_preset=&#8220;default&#8220; header_font=&#8220;Poppins||||||||&#8220; header_font_size=&#8220;25px&#8220; body_font=&#8220;Poppins||||||||&#8220; body_font_size=&#8220;16px&#8220; text_orientation=&#8220;center&#8220; hover_enabled=&#8220;0&#8243; global_colors_info=&#8220;{}&#8220; sticky_enabled=&#8220;0&#8243;]<\/p>\n<p>Ostravice 447<br \/>okr. Fr\u00fddek-M\u00edstek<br \/>tel.: +420 603 901 402<\/p>\n<p>[\/et_pb_blurb][et_pb_image src=&#8220;https:\/\/www.stolarstvisigut.cz\/wp-content\/uploads\/2025\/04\/facebook-sigut.jpg&#8220; _builder_version=&#8220;4.27.4&#8243; _module_preset=&#8220;default&#8220; align=&#8220;center&#8220; width=&#8220;50%&#8220; url=&#8220;https:\/\/www.facebook.com\/profile.php?id=100049192466438&#8243; hover_enabled=&#8220;0&#8243; sticky_enabled=&#8220;0&#8243; width_last_edited=&#8220;on|phone&#8220; width_phone=&#8220;52%&#8220; width_tablet=&#8220;50%&#8220;][\/et_pb_image][\/et_pb_column][et_pb_column type=&#8220;1_3&#8243; _builder_version=&#8220;4.27.4&#8243; _module_preset=&#8220;default&#8220; global_colors_info=&#8220;{}&#8220;][et_pb_blurb title=&#8220;Kontakt do mobilu!&#8220; use_icon=&#8220;on&#8220; font_icon=&#8220;&#xf3cd;||fa||900&#8243; icon_color=&#8220;rgba(0,0,0,0.66)&#8220; _builder_version=&#8220;4.27.4&#8243; _module_preset=&#8220;default&#8220; header_font=&#8220;Poppins||||||||&#8220; header_font_size=&#8220;25px&#8220; text_orientation=&#8220;center&#8220; global_colors_info=&#8220;{}&#8220;]<\/p>\n<p><img loading=\"lazy\" decoding=\"async\" src=\"https:\/\/www.stolarstvisigut.cz\/wp-content\/uploads\/2025\/04\/qrkod-sigut-150x150.jpg\" width=\"150\" height=\"150\" alt=\"\" class=\"wp-image-58 alignnone size-thumbnail\" \/><\/p>\n<p>[\/et_pb_blurb][\/et_pb_column][et_pb_column type=&#8220;1_3&#8243; _builder_version=&#8220;4.27.4&#8243; _module_preset=&#8220;default&#8220; global_colors_info=&#8220;{}&#8220;][et_pb_blurb title=&#8220;Na\u0161e specializace:&#8220; use_icon=&#8220;on&#8220; font_icon=&#8220;&#xf02e;||fa||400&#8243; icon_color=&#8220;rgba(0,0,0,0.66)&#8220; _builder_version=&#8220;4.27.4&#8243; _module_preset=&#8220;default&#8220; header_font=&#8220;Poppins||||||||&#8220; header_font_size=&#8220;25px&#8220; body_font=&#8220;Poppins||||||||&#8220; body_font_size=&#8220;16px&#8220; text_orientation=&#8220;center&#8220; global_colors_info=&#8220;{}&#8220;]<\/p>\n<p style=\"text-align: center;\">#kuchyn\u011b na m\u00edru\u00a0<br \/>#vestavn\u00e9 sk\u0159\u00edn\u011b\u00a0 na m\u00edru<br \/>#schodi\u0161t\u011b na m\u00edru<br \/>#n\u00e1bytek z mas\u00edvu<\/p>\n<p>[\/et_pb_blurb][\/et_pb_column][\/et_pb_row][et_pb_row column_structure=&#8220;1_3,1_3,1_3&#8243; _builder_version=&#8220;4.27.4&#8243; _module_preset=&#8220;default&#8220; global_colors_info=&#8220;{}&#8220;][et_pb_column type=&#8220;1_3&#8243; _builder_version=&#8220;4.27.4&#8243; _module_preset=&#8220;default&#8220; global_colors_info=&#8220;{}&#8220;][et_pb_blurb title=&#8220;Ru\u010d\u00edme za kvalitu!&#8220; use_icon=&#8220;on&#8220; font_icon=&#8220;&#xf164;||fa||400&#8243; icon_color=&#8220;rgba(0,0,0,0.66)&#8220; _builder_version=&#8220;4.27.4&#8243; _module_preset=&#8220;default&#8220; header_font=&#8220;Poppins||||||||&#8220; header_font_size=&#8220;25px&#8220; text_orientation=&#8220;center&#8220; global_colors_info=&#8220;{}&#8220;]<\/p>\n<p style=\"text-align: center;\">Ve\u0161k\u00e9r\u00fd materi\u00e1l a suroviny m\u00e1me l\u00e9ty prov\u011b\u0159en\u00fd.<\/p>\n<p>[\/et_pb_blurb][\/et_pb_column][et_pb_column type=&#8220;1_3&#8243; _builder_version=&#8220;4.27.4&#8243; _module_preset=&#8220;default&#8220; global_colors_info=&#8220;{}&#8220;][et_pb_blurb title=&#8220;Dodr\u017eujeme term\u00edny!&#8220; use_icon=&#8220;on&#8220; font_icon=&#8220;&#x7d;||divi||400&#8243; icon_color=&#8220;rgba(0,0,0,0.66)&#8220; _builder_version=&#8220;4.27.4&#8243; _module_preset=&#8220;default&#8220; header_font=&#8220;Poppins||||||||&#8220; header_font_size=&#8220;25px&#8220; text_orientation=&#8220;center&#8220; global_colors_info=&#8220;{}&#8220;]<\/p>\n<p style=\"text-align: center;\">Na \u010dem se domluv\u00edme, to spln\u00edme.<\/p>\n<p>[\/et_pb_blurb][\/et_pb_column][et_pb_column type=&#8220;1_3&#8243; _builder_version=&#8220;4.27.4&#8243; _module_preset=&#8220;default&#8220; global_colors_info=&#8220;{}&#8220;][et_pb_blurb title=&#8220;V\u00fdrobu m\u00e1me pod kontrolou!&#8220; use_icon=&#8220;on&#8220; font_icon=&#8220;&#xe035;||divi||400&#8243; icon_color=&#8220;rgba(0,0,0,0.66)&#8220; _builder_version=&#8220;4.27.4&#8243; _module_preset=&#8220;default&#8220; header_font=&#8220;Poppins||||||||&#8220; header_font_size=&#8220;25px&#8220; text_orientation=&#8220;center&#8220; global_colors_info=&#8220;{}&#8220;]<\/p>\n<p style=\"text-align: center;\">Ve\u0161ker\u00e9 pr\u00e1ce prob\u00edhaj\u00ed v na\u0161em stola\u0159stv\u00ed.<\/p>\n<p>[\/et_pb_blurb][\/et_pb_column][\/et_pb_row][et_pb_row _builder_version=&#8220;4.27.4&#8243; _module_preset=&#8220;default&#8220; global_colors_info=&#8220;{}&#8220;][et_pb_column type=&#8220;4_4&#8243; _builder_version=&#8220;4.27.4&#8243; _module_preset=&#8220;default&#8220; global_colors_info=&#8220;{}&#8220;][et_pb_text _builder_version=&#8220;4.27.4&#8243; _module_preset=&#8220;default&#8220; text_orientation=&#8220;center&#8220; global_colors_info=&#8220;{}&#8220;]<iframe src=\"https:\/\/www.google.com\/maps\/embed?pb=!1m18!1m12!1m3!1d3097.833941629046!2d18.381771876808937!3d49.54432425219088!2m3!1f0!2f0!3f0!3m2!1i1024!2i768!4f13.1!3m3!1m2!1s0x47140ab65a706857%3A0x2cfd29a9cedabe5b!2sOstravice%20447%2C%20739%2014%20Ostravice!5e1!3m2!1scs!2scz!4v1745648590106!5m2!1scs!2scz\" width=\"800\" height=\"600\" style=\"border:0;\" allowfullscreen=\"\" loading=\"lazy\" referrerpolicy=\"no-referrer-when-downgrade\"><\/iframe>[\/et_pb_text][\/et_pb_column][\/et_pb_row][\/et_pb_section][et_pb_section fb_built=&#8220;1&#8243; _builder_version=&#8220;4.27.4&#8243; _module_preset=&#8220;default&#8220; background_image=&#8220;https:\/\/www.stolarstvisigut.cz\/wp-content\/uploads\/2025\/04\/drevo2.webp&#8220; top_divider_height=&#8220;62px&#8220; background_last_edited=&#8220;on|phone&#8220; global_colors_info=&#8220;{}&#8220;][et_pb_row _builder_version=&#8220;4.27.4&#8243; _module_preset=&#8220;default&#8220; global_colors_info=&#8220;{}&#8220;][et_pb_column type=&#8220;4_4&#8243; _builder_version=&#8220;4.27.4&#8243; _module_preset=&#8220;default&#8220; global_colors_info=&#8220;{}&#8220;][et_pb_text _builder_version=&#8220;4.27.4&#8243; _module_preset=&#8220;default&#8220; header_2_font=&#8220;Poppins||||||||&#8220; header_2_font_size=&#8220;46px&#8220; text_orientation=&#8220;center&#8220; global_colors_info=&#8220;{}&#8220;]<\/p>\n<h2>N\u00e1bytek, kter\u00fd m\u00e1 du\u0161i<\/h2>\n<p>[\/et_pb_text][et_pb_text _builder_version=&#8220;4.27.4&#8243; _module_preset=&#8220;default&#8220; text_font=&#8220;Open Sans||||||||&#8220; text_text_color=&#8220;#000000&#8243; text_font_size=&#8220;16px&#8220; text_orientation=&#8220;center&#8220; global_colors_info=&#8220;{}&#8220;]<\/p>\n<p><span>Dovoluji si V\u00e1m p\u0159edstavit na\u0161i firmu\u00a0<\/span><strong>Stola\u0159stv\u00ed Petr \u0160igut<\/strong><span>, kter\u00e1 byla <strong>zalo\u017eena v roce 1999.<br \/><\/strong><\/span><span>Na\u0161e firma s\u00eddl\u00ed v obci\u00a0<\/span><strong>Ostravice \u010d.p.\u00a0 447<\/strong><span>\u00a0nedaleko <strong>Fr\u00fddku-M\u00edstku<\/strong> v Moravskoslezsk\u00e9m regionu.<\/span><\/p>\n<p>Specializujeme se na<strong> kuchyn\u011b, vestavn\u00e9 sk\u0159\u00edn\u011b, koupelnov\u00fd a ob\u00fdvac\u00ed n\u00e1bytek<\/strong> i vybaven\u00ed horsk\u00fdch chat.<\/p>\n<p>Ka\u017ed\u00fd projekt vn\u00edm\u00e1me jako p\u0159\u00edle\u017eitost vytvo\u0159it n\u011bco v\u00fdjime\u010dn\u00e9ho \u2013 <strong>n\u00e1bytek, kter\u00fd lad\u00ed s interi\u00e9rem, slou\u017e\u00ed dlouh\u00e1 l\u00e9ta<\/strong> a nese v sob\u011b kus beskydsk\u00e9 p\u0159\u00edrody i na\u0161eho srdce. Nav\u0161tivte n\u00e1s na Ostravici a nechte si vyrobit n\u00e1bytek, kter\u00fd bude opravdu v\u00e1\u0161.<\/p>\n<p>[\/et_pb_text][et_pb_button button_url=&#8220;#galerie&#8220; button_text=&#8220;Galerie&#8220; button_alignment=&#8220;center&#8220; _builder_version=&#8220;4.27.4&#8243; _module_preset=&#8220;default&#8220; custom_button=&#8220;on&#8220; button_text_size=&#8220;24px&#8220; button_text_color=&#8220;#FFFFFF&#8220; button_bg_color=&#8220;#3f3f3f&#8220; button_font=&#8220;Poppins||||||||&#8220; animation_style=&#8220;zoom&#8220; global_colors_info=&#8220;{}&#8220;][\/et_pb_button][\/et_pb_column][\/et_pb_row][\/et_pb_section][et_pb_section fb_built=&#8220;1&#8243; disabled_on=&#8220;on|on|off&#8220; _builder_version=&#8220;4.27.4&#8243; _module_preset=&#8220;default&#8220; background_color=&#8220;#e5e5e5&#8243; global_colors_info=&#8220;{}&#8220;][et_pb_row column_structure=&#8220;1_2,1_2&#8243; _builder_version=&#8220;4.27.4&#8243; _module_preset=&#8220;default&#8220; global_colors_info=&#8220;{}&#8220;][et_pb_column type=&#8220;1_2&#8243; _builder_version=&#8220;4.27.4&#8243; _module_preset=&#8220;default&#8220; global_colors_info=&#8220;{}&#8220;][et_pb_image src=&#8220;https:\/\/www.stolarstvisigut.cz\/wp-content\/uploads\/2025\/04\/kuchyne-na-miru-sigut-01.jpg&#8220; _builder_version=&#8220;4.27.4&#8243; _module_preset=&#8220;default&#8220; global_colors_info=&#8220;{}&#8220;][\/et_pb_image][\/et_pb_column][et_pb_column type=&#8220;1_2&#8243; _builder_version=&#8220;4.27.4&#8243; _module_preset=&#8220;default&#8220; global_colors_info=&#8220;{}&#8220;][et_pb_text _builder_version=&#8220;4.27.4&#8243; _module_preset=&#8220;default&#8220; header_2_font=&#8220;Poppins||||||||&#8220; header_2_font_size=&#8220;40px&#8220; global_colors_info=&#8220;{}&#8220;]<\/p>\n<h2>Kuchyn\u011b na m\u00edru<\/h2>\n<p>[\/et_pb_text][et_pb_text _builder_version=&#8220;4.27.4&#8243; _module_preset=&#8220;default&#8220; text_font_size=&#8220;16px&#8220; global_colors_info=&#8220;{}&#8220;]<\/p>\n<p><span><strong>Kuchyn\u011b je prav\u00fdm srdcem domova<\/strong>, m\u00edstem, kde se rodinn\u00fd \u017eivot rozv\u00edj\u00ed a tvo\u0159\u00ed se nezapomenuteln\u00e9 chv\u00edle. <\/span><\/p>\n<p><span>Sv\u011b\u0159te jej\u00ed <strong>realizaci do rukou na\u0161eho zku\u0161en\u00e9ho stola\u0159e<\/strong>, kter\u00fd v\u00e1m pom\u016f\u017ee navrhnout optim\u00e1ln\u00ed uspo\u0159\u00e1d\u00e1n\u00ed a vybrat dekorace p\u0159esn\u011b podle va\u0161ich p\u0159edstav.<\/span><\/p>\n<p>[\/et_pb_text][\/et_pb_column][\/et_pb_row][et_pb_row column_structure=&#8220;1_2,1_2&#8243; _builder_version=&#8220;4.27.4&#8243; _module_preset=&#8220;default&#8220; global_colors_info=&#8220;{}&#8220;][et_pb_column type=&#8220;1_2&#8243; _builder_version=&#8220;4.27.4&#8243; _module_preset=&#8220;default&#8220; global_colors_info=&#8220;{}&#8220;][et_pb_text _builder_version=&#8220;4.27.4&#8243; _module_preset=&#8220;default&#8220; header_2_font=&#8220;Poppins||||||||&#8220; header_2_font_size=&#8220;40px&#8220; global_colors_info=&#8220;{}&#8220;]<\/p>\n<h2>Schodi\u0161t\u011b na zak\u00e1zku<\/h2>\n<p>[\/et_pb_text][et_pb_text _builder_version=&#8220;4.27.4&#8243; _module_preset=&#8220;default&#8220; text_font_size=&#8220;16px&#8220; global_colors_info=&#8220;{}&#8220;]<\/p>\n<p><span><strong>Schodi\u0161t\u011b na m\u00edru<\/strong> je nejen praktick\u00fdm prvkem va\u0161eho domova, ale i v\u00fdrazn\u00fdm designov\u00fdm dopl\u0148kem, kter\u00fd podtrhne <strong>jedine\u010dn\u00fd charakter va\u0161eho interi\u00e9ru. <\/strong><\/span><\/p>\n<p><span>Na\u0161e <strong>zak\u00e1zkov\u00e1 schodi\u0161t\u011b<\/strong> jsou navr\u017eena tak, aby dokonale vyhovovala va\u0161im prostorov\u00fdm mo\u017enostem i stylov\u00fdm po\u017eadavk\u016fm, a z\u00e1rove\u0148 zaji\u0161\u0165ovala maxim\u00e1ln\u00ed bezpe\u010dnost a <strong>pohodl\u00ed p\u0159i ka\u017edodenn\u00edm pou\u017e\u00edv\u00e1n\u00ed.<\/strong><\/span><\/p>\n<p>[\/et_pb_text][\/et_pb_column][et_pb_column type=&#8220;1_2&#8243; _builder_version=&#8220;4.27.4&#8243; _module_preset=&#8220;default&#8220; global_colors_info=&#8220;{}&#8220;][et_pb_image src=&#8220;https:\/\/www.stolarstvisigut.cz\/wp-content\/uploads\/2025\/04\/schodiste-na-miru.jpg&#8220; _builder_version=&#8220;4.27.4&#8243; _module_preset=&#8220;default&#8220; global_colors_info=&#8220;{}&#8220;][\/et_pb_image][\/et_pb_column][\/et_pb_row][et_pb_row column_structure=&#8220;1_2,1_2&#8243; _builder_version=&#8220;4.27.4&#8243; _module_preset=&#8220;default&#8220; global_colors_info=&#8220;{}&#8220;][et_pb_column type=&#8220;1_2&#8243; _builder_version=&#8220;4.27.4&#8243; _module_preset=&#8220;default&#8220; global_colors_info=&#8220;{}&#8220;][et_pb_image src=&#8220;https:\/\/www.stolarstvisigut.cz\/wp-content\/uploads\/2025\/04\/koupelny.jpg&#8220; _builder_version=&#8220;4.27.4&#8243; _module_preset=&#8220;default&#8220; global_colors_info=&#8220;{}&#8220;][\/et_pb_image][\/et_pb_column][et_pb_column type=&#8220;1_2&#8243; _builder_version=&#8220;4.27.4&#8243; _module_preset=&#8220;default&#8220; global_colors_info=&#8220;{}&#8220;][et_pb_text _builder_version=&#8220;4.27.4&#8243; _module_preset=&#8220;default&#8220; header_2_font=&#8220;Poppins||||||||&#8220; header_2_font_size=&#8220;40px&#8220; global_colors_info=&#8220;{}&#8220;]<\/p>\n<h2>Koupelnov\u00fd n\u00e1bytek<\/h2>\n<p>[\/et_pb_text][et_pb_text _builder_version=&#8220;4.27.4&#8243; _module_preset=&#8220;default&#8220; text_font_size=&#8220;16px&#8220; global_colors_info=&#8220;{}&#8220;]<\/p>\n<p data-start=\"0\" data-end=\"345\" class=\"\"><strong>Dodejte sv\u00e9 koupeln\u011b styl<\/strong>, funk\u010dnost a osobit\u00fd charakter. Vyr\u00e1b\u00edme zak\u00e1zkov\u00fd koupelnov\u00fd n\u00e1bytek p\u0159esn\u011b podle va\u0161ich p\u0159\u00e1n\u00ed \u2013 od <strong>elegantn\u00edch sk\u0159\u00edn\u011bk pod umyvadlo a\u017e po chytr\u00e9 \u00falo\u017en\u00e9 syst\u00e9my<\/strong>, kter\u00e9 \u0161et\u0159\u00ed m\u00edsto i \u010das. Ka\u017ed\u00fd kus pe\u010dliv\u011b navrhujeme s d\u016frazem na detail, kvalitn\u00ed materi\u00e1ly a dlouhou \u017eivotnost.<\/p>\n<p data-start=\"347\" data-end=\"681\" class=\"\"><strong data-start=\"347\" data-end=\"382\">Design, kter\u00fd se p\u0159izp\u016fsob\u00ed v\u00e1m<\/strong><br data-start=\"382\" data-end=\"385\" \/>A\u0165 u\u017e m\u00e1te modern\u00ed, rustik\u00e1ln\u00ed nebo industri\u00e1ln\u00ed koupelnu, postar\u00e1me se, aby n\u00e1bytek ladil s cel\u00fdm interi\u00e9rem. Porad\u00edme s v\u00fdb\u011brem dekoru, kov\u00e1n\u00ed i rozm\u011br\u016f tak, aby vzniklo \u0159e\u0161en\u00ed, kter\u00e9 bude nejen kr\u00e1sn\u00e9, ale i praktick\u00e9. Va\u0161e koupelna si zaslou\u017e\u00ed v\u00edc ne\u017e konfek\u010dn\u00ed \u0159e\u0161en\u00ed \u2013 zaslou\u017e\u00ed si origin\u00e1l.<\/p>\n<p>[\/et_pb_text][\/et_pb_column][\/et_pb_row][\/et_pb_section][et_pb_section fb_built=&#8220;1&#8243; disabled_on=&#8220;off|off|on&#8220; _builder_version=&#8220;4.27.4&#8243; _module_preset=&#8220;default&#8220; background_color=&#8220;#f7f7f7&#8243; global_colors_info=&#8220;{}&#8220;][et_pb_row column_structure=&#8220;1_2,1_2&#8243; _builder_version=&#8220;4.27.4&#8243; _module_preset=&#8220;default&#8220; global_colors_info=&#8220;{}&#8220;][et_pb_column type=&#8220;1_2&#8243; _builder_version=&#8220;4.27.4&#8243; _module_preset=&#8220;default&#8220; global_colors_info=&#8220;{}&#8220;][et_pb_image src=&#8220;https:\/\/www.stolarstvisigut.cz\/wp-content\/uploads\/2025\/04\/kuchyne-na-miru-sigut-01.jpg&#8220; _builder_version=&#8220;4.27.4&#8243; _module_preset=&#8220;default&#8220; global_colors_info=&#8220;{}&#8220;][\/et_pb_image][\/et_pb_column][et_pb_column type=&#8220;1_2&#8243; _builder_version=&#8220;4.27.4&#8243; _module_preset=&#8220;default&#8220; global_colors_info=&#8220;{}&#8220;][et_pb_text _builder_version=&#8220;4.27.4&#8243; _module_preset=&#8220;default&#8220; header_2_font=&#8220;Poppins||||||||&#8220; header_2_font_size=&#8220;30px&#8220; global_colors_info=&#8220;{}&#8220;]<\/p>\n<h2>Kuchyn\u011b na m\u00edru<\/h2>\n<p>[\/et_pb_text][et_pb_text _builder_version=&#8220;4.27.4&#8243; _module_preset=&#8220;default&#8220; text_font_size=&#8220;16px&#8220; global_colors_info=&#8220;{}&#8220;]<\/p>\n<p><span><strong>Kuchyn\u011b je prav\u00fdm srdcem domova<\/strong>, m\u00edstem, kde se rodinn\u00fd \u017eivot rozv\u00edj\u00ed a tvo\u0159\u00ed se nezapomenuteln\u00e9 chv\u00edle. <\/span><\/p>\n<p><span>Sv\u011b\u0159te jej\u00ed <strong>realizaci do rukou na\u0161eho zku\u0161en\u00e9ho stola\u0159e<\/strong>, kter\u00fd v\u00e1m pom\u016f\u017ee navrhnout optim\u00e1ln\u00ed uspo\u0159\u00e1d\u00e1n\u00ed a vybrat dekorace p\u0159esn\u011b podle va\u0161ich p\u0159edstav.<\/span><\/p>\n<p>[\/et_pb_text][\/et_pb_column][\/et_pb_row][et_pb_row column_structure=&#8220;1_2,1_2&#8243; _builder_version=&#8220;4.27.4&#8243; _module_preset=&#8220;default&#8220; global_colors_info=&#8220;{}&#8220;][et_pb_column type=&#8220;1_2&#8243; _builder_version=&#8220;4.27.4&#8243; _module_preset=&#8220;default&#8220; global_colors_info=&#8220;{}&#8220;][et_pb_image src=&#8220;https:\/\/www.stolarstvisigut.cz\/wp-content\/uploads\/2025\/04\/schodiste-na-miru.jpg&#8220; _builder_version=&#8220;4.27.4&#8243; _module_preset=&#8220;default&#8220; global_colors_info=&#8220;{}&#8220;][\/et_pb_image][\/et_pb_column][et_pb_column type=&#8220;1_2&#8243; _builder_version=&#8220;4.27.4&#8243; _module_preset=&#8220;default&#8220; global_colors_info=&#8220;{}&#8220;][et_pb_text _builder_version=&#8220;4.27.4&#8243; _module_preset=&#8220;default&#8220; header_2_font=&#8220;Poppins||||||||&#8220; header_2_font_size=&#8220;30px&#8220; global_colors_info=&#8220;{}&#8220;]<\/p>\n<h2>Schodi\u0161t\u011b na zak\u00e1zku<\/h2>\n<p>[\/et_pb_text][et_pb_text _builder_version=&#8220;4.27.4&#8243; _module_preset=&#8220;default&#8220; text_font_size=&#8220;16px&#8220; global_colors_info=&#8220;{}&#8220;]<\/p>\n<p><span><strong>Schodi\u0161t\u011b na m\u00edru<\/strong> je nejen praktick\u00fdm prvkem va\u0161eho domova, ale i v\u00fdrazn\u00fdm designov\u00fdm dopl\u0148kem, kter\u00fd podtrhne <strong>jedine\u010dn\u00fd charakter va\u0161eho interi\u00e9ru. <\/strong><\/span><\/p>\n<p><span>Na\u0161e <strong>zak\u00e1zkov\u00e1 schodi\u0161t\u011b<\/strong> jsou navr\u017eena tak, aby dokonale vyhovovala va\u0161im prostorov\u00fdm mo\u017enostem i stylov\u00fdm po\u017eadavk\u016fm, a z\u00e1rove\u0148 zaji\u0161\u0165ovala maxim\u00e1ln\u00ed bezpe\u010dnost a <strong>pohodl\u00ed p\u0159i ka\u017edodenn\u00edm pou\u017e\u00edv\u00e1n\u00ed.<\/strong><\/span><\/p>\n<p>[\/et_pb_text][\/et_pb_column][\/et_pb_row][et_pb_row column_structure=&#8220;1_2,1_2&#8243; _builder_version=&#8220;4.27.4&#8243; _module_preset=&#8220;default&#8220; global_colors_info=&#8220;{}&#8220;][et_pb_column type=&#8220;1_2&#8243; _builder_version=&#8220;4.27.4&#8243; _module_preset=&#8220;default&#8220; global_colors_info=&#8220;{}&#8220;][et_pb_image src=&#8220;https:\/\/www.stolarstvisigut.cz\/wp-content\/uploads\/2025\/04\/koupelny.jpg&#8220; _builder_version=&#8220;4.27.4&#8243; _module_preset=&#8220;default&#8220; global_colors_info=&#8220;{}&#8220;][\/et_pb_image][\/et_pb_column][et_pb_column type=&#8220;1_2&#8243; _builder_version=&#8220;4.27.4&#8243; _module_preset=&#8220;default&#8220; global_colors_info=&#8220;{}&#8220;][et_pb_text _builder_version=&#8220;4.27.4&#8243; _module_preset=&#8220;default&#8220; header_2_font=&#8220;Poppins||||||||&#8220; header_2_font_size=&#8220;30px&#8220; global_colors_info=&#8220;{}&#8220;]<\/p>\n<h2>Koupelnov\u00fd n\u00e1bytek<\/h2>\n<p>[\/et_pb_text][et_pb_text _builder_version=&#8220;4.27.4&#8243; _module_preset=&#8220;default&#8220; text_font_size=&#8220;16px&#8220; global_colors_info=&#8220;{}&#8220;]<\/p>\n<p data-start=\"0\" data-end=\"345\" class=\"\"><strong>Dodejte sv\u00e9 koupeln\u011b styl<\/strong>, funk\u010dnost a osobit\u00fd charakter. Vyr\u00e1b\u00edme zak\u00e1zkov\u00fd koupelnov\u00fd n\u00e1bytek p\u0159esn\u011b podle va\u0161ich p\u0159\u00e1n\u00ed \u2013 od <strong>elegantn\u00edch sk\u0159\u00edn\u011bk pod umyvadlo a\u017e po chytr\u00e9 \u00falo\u017en\u00e9 syst\u00e9my<\/strong>, kter\u00e9 \u0161et\u0159\u00ed m\u00edsto i \u010das. Ka\u017ed\u00fd kus pe\u010dliv\u011b navrhujeme s d\u016frazem na detail, kvalitn\u00ed materi\u00e1ly a dlouhou \u017eivotnost.<\/p>\n<p data-start=\"347\" data-end=\"681\" class=\"\"><strong data-start=\"347\" data-end=\"382\">Design, kter\u00fd se p\u0159izp\u016fsob\u00ed v\u00e1m<\/strong><br data-start=\"382\" data-end=\"385\" \/>A\u0165 u\u017e m\u00e1te modern\u00ed, rustik\u00e1ln\u00ed nebo industri\u00e1ln\u00ed koupelnu, postar\u00e1me se, aby n\u00e1bytek ladil s cel\u00fdm interi\u00e9rem. Porad\u00edme s v\u00fdb\u011brem dekoru, kov\u00e1n\u00ed i rozm\u011br\u016f tak, aby vzniklo \u0159e\u0161en\u00ed, kter\u00e9 bude nejen kr\u00e1sn\u00e9, ale i praktick\u00e9. Va\u0161e koupelna si zaslou\u017e\u00ed v\u00edc ne\u017e konfek\u010dn\u00ed \u0159e\u0161en\u00ed \u2013 zaslou\u017e\u00ed si origin\u00e1l.<\/p>\n<p>[\/et_pb_text][\/et_pb_column][\/et_pb_row][\/et_pb_section][et_pb_section fb_built=&#8220;1&#8243; module_id=&#8220;jakfungujeme&#8220; _builder_version=&#8220;4.27.4&#8243; _module_preset=&#8220;default&#8220; global_colors_info=&#8220;{}&#8220;][et_pb_row _builder_version=&#8220;4.27.4&#8243; _module_preset=&#8220;default&#8220; global_colors_info=&#8220;{}&#8220;][et_pb_column type=&#8220;4_4&#8243; _builder_version=&#8220;4.27.4&#8243; _module_preset=&#8220;default&#8220; global_colors_info=&#8220;{}&#8220;][et_pb_text _builder_version=&#8220;4.27.4&#8243; _module_preset=&#8220;default&#8220; header_2_font=&#8220;Poppins||||||||&#8220; header_2_font_size=&#8220;46px&#8220; text_orientation=&#8220;center&#8220; global_colors_info=&#8220;{}&#8220;]<\/p>\n<h2>Jak fungujeme?<\/h2>\n<p>[\/et_pb_text][\/et_pb_column][\/et_pb_row][et_pb_row column_structure=&#8220;1_4,1_4,1_4,1_4&#8243; make_equal=&#8220;on&#8220; _builder_version=&#8220;4.27.4&#8243; _module_preset=&#8220;default&#8220; global_colors_info=&#8220;{}&#8220;][et_pb_column type=&#8220;1_4&#8243; _builder_version=&#8220;4.27.4&#8243; _module_preset=&#8220;default&#8220; global_colors_info=&#8220;{}&#8220;][et_pb_blurb title=&#8220;1. Zam\u011b\u0159en\u00ed a n\u00e1vrh&#8220; use_icon=&#8220;on&#8220; font_icon=&#8220;&#xf035;||fa||900&#8243; icon_color=&#8220;#FFFFFF&#8220; _builder_version=&#8220;4.27.4&#8243; _module_preset=&#8220;default&#8220; header_text_color=&#8220;#FFFFFF&#8220; body_font=&#8220;Open Sans||||||||&#8220; body_text_color=&#8220;#FFFFFF&#8220; body_font_size=&#8220;16px&#8220; background_color=&#8220;rgba(0,0,0,0.76)&#8220; text_orientation=&#8220;center&#8220; custom_padding=&#8220;20px|20px|20px|20px|false|false&#8220; global_colors_info=&#8220;{}&#8220;]<\/p>\n<p data-start=\"94\" data-end=\"245\" class=\"\" style=\"text-align: center;\">Za\u010d\u00edn\u00e1me bezplatn\u00fdm zam\u011b\u0159en\u00edm p\u0159\u00edmo u v\u00e1s. Na m\u00edst\u011b si ud\u011bl\u00e1me p\u0159edb\u011b\u017en\u00fd n\u00e1\u010drt a spole\u010dn\u011b probereme va\u0161e p\u0159\u00e1n\u00ed, pot\u0159eby i technick\u00e9 mo\u017enosti realizace.<\/p>\n<p>[\/et_pb_blurb][\/et_pb_column][et_pb_column type=&#8220;1_4&#8243; _builder_version=&#8220;4.27.4&#8243; _module_preset=&#8220;default&#8220; global_colors_info=&#8220;{}&#8220;][et_pb_blurb title=&#8220;2. Cenov\u00e1 nab\u00eddka a term\u00edn&#8220; use_icon=&#8220;on&#8220; font_icon=&#8220;&#xe100;||divi||400&#8243; icon_color=&#8220;#FFFFFF&#8220; _builder_version=&#8220;4.27.4&#8243; _module_preset=&#8220;default&#8220; header_text_color=&#8220;#FFFFFF&#8220; body_text_color=&#8220;#FFFFFF&#8220; background_color=&#8220;rgba(0,0,0,0.76)&#8220; text_orientation=&#8220;center&#8220; custom_padding=&#8220;20px|20px|20px|20px|false|false&#8220; global_colors_info=&#8220;{}&#8220;]<\/p>\n<p data-start=\"280\" data-end=\"439\" class=\"\">Na z\u00e1klad\u011b zam\u011b\u0159en\u00ed pro v\u00e1s p\u0159iprav\u00edme nez\u00e1vaznou cenovou kalkulaci. Domluv\u00edme se tak\u00e9 na orienta\u010dn\u00edm term\u00ednu dod\u00e1n\u00ed.<\/p>\n<p>[\/et_pb_blurb][\/et_pb_column][et_pb_column type=&#8220;1_4&#8243; _builder_version=&#8220;4.27.4&#8243; _module_preset=&#8220;default&#8220; global_colors_info=&#8220;{}&#8220;][et_pb_blurb title=&#8220;3. V\u00fdroba&#8220; use_icon=&#8220;on&#8220; font_icon=&#8220;&#xf6e3;||fa||900&#8243; icon_color=&#8220;#FFFFFF&#8220; _builder_version=&#8220;4.27.4&#8243; _module_preset=&#8220;default&#8220; header_text_color=&#8220;#FFFFFF&#8220; body_text_color=&#8220;#FFFFFF&#8220; background_color=&#8220;rgba(0,0,0,0.76)&#8220; text_orientation=&#8220;center&#8220; custom_padding=&#8220;20px|20px|20px|20px|false|false&#8220; global_colors_info=&#8220;{}&#8220;]<\/p>\n<p data-start=\"457\" data-end=\"608\" class=\"\">Po schv\u00e1len\u00ed nab\u00eddky a term\u00ednu dokon\u010den\u00ed zak\u00e1zky se pust\u00edme do v\u00fdroby ve vlastn\u00ed d\u00edln\u011b. <br \/>Jakmile se bude bl\u00ed\u017eit dokon\u010den\u00ed v\u00fdroby, ozveme se v\u00e1m.<\/p>\n<p>[\/et_pb_blurb][\/et_pb_column][et_pb_column type=&#8220;1_4&#8243; _builder_version=&#8220;4.27.4&#8243; _module_preset=&#8220;default&#8220; global_colors_info=&#8220;{}&#8220;][et_pb_blurb title=&#8220;4. Doprava a mont\u00e1\u017e&#8220; use_icon=&#8220;on&#8220; font_icon=&#8220;&#xf474;||fa||900&#8243; icon_color=&#8220;#FFFFFF&#8220; _builder_version=&#8220;4.27.4&#8243; _module_preset=&#8220;default&#8220; header_text_color=&#8220;#FFFFFF&#8220; body_text_color=&#8220;#FFFFFF&#8220; background_color=&#8220;rgba(0,0,0,0.76)&#8220; text_orientation=&#8220;center&#8220; custom_padding=&#8220;20px|20px|20px|20px|false|false&#8220; global_colors_info=&#8220;{}&#8220;]<\/p>\n<p data-start=\"636\" data-end=\"791\" class=\"\">\n<p data-start=\"636\" data-end=\"791\" class=\"\">Po p\u0159edchoz\u00ed dohod\u011b v\u00e1m hotov\u00fd n\u00e1bytek p\u0159ivezeme, vyneseme a profesion\u00e1ln\u011b namontujeme.\u00a0<br \/>A je to! \ud83d\ude42<\/p>\n<p data-start=\"636\" data-end=\"791\" class=\"\">\n<p data-start=\"636\" data-end=\"791\" class=\"\">\n<p>[\/et_pb_blurb][\/et_pb_column][\/et_pb_row][\/et_pb_section][et_pb_section fb_built=&#8220;1&#8243; module_id=&#8220;galerie&#8220; _builder_version=&#8220;4.27.4&#8243; _module_preset=&#8220;default&#8220; background_color=&#8220;rgba(0,0,0,0.78)&#8220; global_colors_info=&#8220;{}&#8220;][et_pb_row _builder_version=&#8220;4.27.4&#8243; _module_preset=&#8220;default&#8220; global_colors_info=&#8220;{}&#8220;][et_pb_column type=&#8220;4_4&#8243; _builder_version=&#8220;4.27.4&#8243; _module_preset=&#8220;default&#8220; global_colors_info=&#8220;{}&#8220;][et_pb_text _builder_version=&#8220;4.27.4&#8243; _module_preset=&#8220;default&#8220; header_2_font=&#8220;Poppins||||||||&#8220; header_2_text_color=&#8220;#FFFFFF&#8220; header_2_font_size=&#8220;46px&#8220; global_colors_info=&#8220;{}&#8220;]<\/p>\n<h2 style=\"text-align: center;\">Galerie<\/h2>\n<p>[\/et_pb_text][\/et_pb_column][\/et_pb_row][et_pb_row _builder_version=&#8220;4.27.4&#8243; _module_preset=&#8220;default&#8220; global_colors_info=&#8220;{}&#8220;][et_pb_column type=&#8220;4_4&#8243; _builder_version=&#8220;4.27.4&#8243; _module_preset=&#8220;default&#8220; global_colors_info=&#8220;{}&#8220;][et_pb_gallery gallery_ids=&#8220;82,73,65,83,71,72,74,93,75,76,77,78,80,79,70,66,84,85,86,68,87,88,89,90,69,67,81,91,92&#8243; posts_number=&#8220;12&#8243; show_title_and_caption=&#8220;off&#8220; show_pagination=&#8220;off&#8220; zoom_icon_color=&#8220;#a01646&#8243; hover_overlay_color=&#8220;rgba(255,255,255,0.28)&#8220; _builder_version=&#8220;4.27.4&#8243; _module_preset=&#8220;default&#8220; global_colors_info=&#8220;{}&#8220;][\/et_pb_gallery][\/et_pb_column][\/et_pb_row][\/et_pb_section]<\/p>\n","protected":false},"excerpt":{"rendered":"<p>OSTRAVICE 447Ostravice 447okr. Fr\u00fddek-M\u00edstektel.: +420 603 901 402#kuchyn\u011b na m\u00edru\u00a0#vestavn\u00e9 sk\u0159\u00edn\u011b\u00a0 na m\u00edru#schodi\u0161t\u011b na m\u00edru#n\u00e1bytek z mas\u00edvuVe\u0161k\u00e9r\u00fd materi\u00e1l a suroviny m\u00e1me l\u00e9ty prov\u011b\u0159en\u00fd.Na \u010dem se domluv\u00edme, to spln\u00edme.Ve\u0161ker\u00e9 pr\u00e1ce prob\u00edhaj\u00ed v na\u0161em stola\u0159stv\u00ed.N\u00e1bytek, kter\u00fd m\u00e1 du\u0161iDovoluji si V\u00e1m p\u0159edstavit na\u0161i firmu\u00a0Stola\u0159stv\u00ed Petr \u0160igut, kter\u00e1 byla zalo\u017eena v roce 1999.Na\u0161e firma s\u00eddl\u00ed v obci\u00a0Ostravice \u010d.p.\u00a0 447\u00a0nedaleko [&hellip;]<\/p>\n","protected":false},"author":1,"featured_media":0,"parent":0,"menu_order":0,"comment_status":"closed","ping_status":"closed","template":"","meta":{"_et_pb_use_builder":"on","_et_pb_old_content":"","_et_gb_content_width":"","footnotes":""},"class_list":["post-7","page","type-page","status-publish","hentry"],"_links":{"self":[{"href":"https:\/\/www.stolarstvisigut.cz\/index.php?rest_route=\/wp\/v2\/pages\/7","targetHints":{"allow":["GET"]}}],"collection":[{"href":"https:\/\/www.stolarstvisigut.cz\/index.php?rest_route=\/wp\/v2\/pages"}],"about":[{"href":"https:\/\/www.stolarstvisigut.cz\/index.php?rest_route=\/wp\/v2\/types\/page"}],"author":[{"embeddable":true,"href":"https:\/\/www.stolarstvisigut.cz\/index.php?rest_route=\/wp\/v2\/users\/1"}],"replies":[{"embeddable":true,"href":"https:\/\/www.stolarstvisigut.cz\/index.php?rest_route=%2Fwp%2Fv2%2Fcomments&post=7"}],"version-history":[{"count":35,"href":"https:\/\/www.stolarstvisigut.cz\/index.php?rest_route=\/wp\/v2\/pages\/7\/revisions"}],"predecessor-version":[{"id":123,"href":"https:\/\/www.stolarstvisigut.cz\/index.php?rest_route=\/wp\/v2\/pages\/7\/revisions\/123"}],"wp:attachment":[{"href":"https:\/\/www.stolarstvisigut.cz\/index.php?rest_route=%2Fwp%2Fv2%2Fmedia&parent=7"}],"curies":[{"name":"wp","href":"https:\/\/api.w.org\/{rel}","templated":true}]}}